{"id":1616,"date":"2022-12-15T23:12:52","date_gmt":"2022-12-15T23:12:52","guid":{"rendered":"https:\/\/alvaroferreiraleiloeiro.com.br\/?page_id=1616"},"modified":"2023-02-27T15:24:47","modified_gmt":"2023-02-27T15:24:47","slug":"imoveis-avulso","status":"publish","type":"page","link":"https:\/\/alvaroferreiraleiloeiro.com.br\/index.php\/imoveis-avulso\/","title":{"rendered":"Venda Direta"},"content":{"rendered":"\t\t<div data-elementor-type=\"wp-page\" data-elementor-id=\"1616\" class=\"elementor elementor-1616\">\n\t\t\t\t\t\t<section class=\"elementor-section elementor-top-section elementor-element elementor-element-ed0b8e1 elementor-section-boxed elementor-section-height-default elementor-section-height-default wpr-particle-no wpr-jarallax-no wpr-parallax-no wpr-equal-height-no\" data-id=\"ed0b8e1\" data-element_type=\"section\" data-e-type=\"section\">\n\t\t\t\t\t\t<div class=\"elementor-container elementor-column-gap-default\">\n\t\t\t\t\t<div class=\"elementor-column elementor-col-100 elementor-top-column elementor-element elementor-element-ed98063\" data-id=\"ed98063\" data-element_type=\"column\" data-e-type=\"column\" data-settings=\"{&quot;background_background&quot;:&quot;gradient&quot;}\">\n\t\t\t<div class=\"elementor-widget-wrap elementor-element-populated\">\n\t\t\t\t\t\t<div class=\"elementor-element elementor-element-08526a1 elementor-widget elementor-widget-heading\" data-id=\"08526a1\" data-element_type=\"widget\" data-e-type=\"widget\" data-widget_type=\"heading.default\">\n\t\t\t\t<div class=\"elementor-widget-container\">\n\t\t\t\t\t<h1 class=\"elementor-heading-title elementor-size-default\">Venda Direta<\/h1>\t\t\t\t<\/div>\n\t\t\t\t<\/div>\n\t\t\t\t<div class=\"elementor-element elementor-element-95f1b4e elementor-widget-divider--view-line elementor-widget elementor-widget-divider\" data-id=\"95f1b4e\" data-element_type=\"widget\" data-e-type=\"widget\" data-widget_type=\"divider.default\">\n\t\t\t\t<div class=\"elementor-widget-container\">\n\t\t\t\t\t\t\t<div class=\"elementor-divider\">\n\t\t\t<span class=\"elementor-divider-separator\">\n\t\t\t\t\t\t<\/span>\n\t\t<\/div>\n\t\t\t\t\t\t<\/div>\n\t\t\t\t<\/div>\n\t\t\t\t<div class=\"elementor-element elementor-element-1172ceb elementor-widget elementor-widget-text-editor\" data-id=\"1172ceb\" data-element_type=\"widget\" data-e-type=\"widget\" data-widget_type=\"text-editor.default\">\n\t\t\t\t<div class=\"elementor-widget-container\">\n\t\t\t\t\t\t\t\t\t<p>Imoveis e outros bens abertos a lance em venda direta com proprietario.<\/p>\t\t\t\t\t\t\t\t<\/div>\n\t\t\t\t<\/div>\n\t\t\t\t\t<\/div>\n\t\t<\/div>\n\t\t\t\t\t<\/div>\n\t\t<\/section>\n\t\t\t\t<section class=\"elementor-section elementor-top-section elementor-element elementor-element-4d7531950 elementor-section-boxed elementor-section-height-default elementor-section-height-default wpr-particle-no wpr-jarallax-no wpr-parallax-no wpr-sticky-section-no wpr-equal-height-no\" data-id=\"4d7531950\" data-element_type=\"section\" data-e-type=\"section\">\n\t\t\t\t\t\t<div class=\"elementor-container elementor-column-gap-default\">\n\t\t\t\t\t<div class=\"elementor-column elementor-col-100 elementor-top-column elementor-element elementor-element-6df5856e\" data-id=\"6df5856e\" data-element_type=\"column\" data-e-type=\"column\">\n\t\t\t<div class=\"elementor-widget-wrap elementor-element-populated\">\n\t\t\t\t\t\t<div class=\"elementor-element elementor-element-7bca6bcb wpr-grid-columns-3 wpr-grid-columns--tablet2 wpr-grid-columns--mobile1 wpr-grid-pagination-center wpr-item-styles-inner elementor-widget elementor-widget-wpr-grid\" data-id=\"7bca6bcb\" data-element_type=\"widget\" data-e-type=\"widget\" data-widget_type=\"wpr-grid.default\">\n\t\t\t\t<div class=\"elementor-widget-container\">\n\t\t\t\t\t<ul class=\"wpr-grid-filters elementor-clearfix wpr-grid-filters-sep-left\"><li class=\" wpr-pointer-none wpr-pointer-line-fx wpr-pointer-fx-none\"><span  data-filter=\"*\" class=\"wpr-grid-filters-item wpr-active-filter \">All Work<\/span><\/li><li class=\" wpr-pointer-none wpr-pointer-line-fx wpr-pointer-fx-none\"><em class=\"wpr-grid-filters-sep\">\/<\/em><span   data-ajax-filter=[\"category\",\"venda-direta\"]  data-filter=\".category-venda-direta\">Venda Direta<\/span><\/li><\/ul><section class=\"wpr-grid elementor-clearfix\" data-settings=\"{&quot;layout&quot;:&quot;fitRows&quot;,&quot;stick_last_element_to_bottom&quot;:&quot;&quot;,&quot;columns_desktop&quot;:&quot;3&quot;,&quot;gutter_hr&quot;:15,&quot;gutter_hr_mobile&quot;:15,&quot;gutter_hr_mobile_extra&quot;:15,&quot;gutter_hr_tablet&quot;:15,&quot;gutter_hr_tablet_extra&quot;:15,&quot;gutter_hr_laptop&quot;:15,&quot;gutter_hr_widescreen&quot;:15,&quot;gutter_vr&quot;:15,&quot;gutter_vr_mobile&quot;:15,&quot;gutter_vr_mobile_extra&quot;:15,&quot;gutter_vr_tablet&quot;:15,&quot;gutter_vr_tablet_extra&quot;:15,&quot;gutter_vr_laptop&quot;:15,&quot;gutter_vr_widescreen&quot;:15,&quot;animation&quot;:&quot;default&quot;,&quot;animation_duration&quot;:0.3,&quot;animation_delay&quot;:0.1,&quot;deeplinking&quot;:&quot;&quot;,&quot;filters_linkable&quot;:&quot;no&quot;,&quot;filters_default_filter&quot;:&quot;&quot;,&quot;filters_count&quot;:&quot;&quot;,&quot;filters_hide_empty&quot;:&quot;yes&quot;,&quot;filters_animation&quot;:&quot;default&quot;,&quot;filters_animation_duration&quot;:0.3,&quot;filters_animation_delay&quot;:0.1,&quot;pagination_type&quot;:&quot;load-more&quot;,&quot;pagination_max_pages&quot;:2,&quot;lightbox&quot;:{&quot;selector&quot;:&quot;.wpr-grid-image-wrap&quot;,&quot;iframeMaxWidth&quot;:&quot;60%&quot;,&quot;hash&quot;:false,&quot;autoplay&quot;:&quot;true&quot;,&quot;pause&quot;:5000,&quot;progressBar&quot;:&quot;true&quot;,&quot;counter&quot;:&quot;true&quot;,&quot;controls&quot;:&quot;true&quot;,&quot;getCaptionFromTitleOrAlt&quot;:&quot;true&quot;,&quot;thumbnail&quot;:&quot;&quot;,&quot;showThumbByDefault&quot;:&quot;&quot;,&quot;share&quot;:&quot;&quot;,&quot;zoom&quot;:&quot;true&quot;,&quot;fullScreen&quot;:&quot;true&quot;,&quot;download&quot;:&quot;true&quot;}}\" data-advanced-filters=\"no\"><article class=\"wpr-grid-item elementor-clearfix post-1874 post type-post status-publish format-standard has-post-thumbnail hentry category-venda-direta\"><div class=\"wpr-grid-item-inner\"><div class=\"wpr-grid-media-wrap wpr-effect-size-medium \" data-overlay-link=\"yes\"><div class=\"wpr-grid-image-wrap\" data-src=\"https:\/\/alvaroferreiraleiloeiro.com.br\/wp-content\/uploads\/elementor\/thumbs\/logo-enel-2-pw8bunqqnc557fgpvh6460a5lkl0ahys5q29gahsgc.png\" data-img-on-hover=\"\"  data-src-secondary=\"\"><img decoding=\"async\" data-no-lazy=\"1\" src=\"https:\/\/alvaroferreiraleiloeiro.com.br\/wp-content\/uploads\/elementor\/thumbs\/logo-enel-2-pw8bunqqnc557fgpvh6460a5lkl0ahys5q29gahsgc.png\" alt=\"Leil\u00e3o de Im\u00f3veis ENEL &#8211; RJ\" class=\"wpr-anim-timing-ease-default\"><\/div><div class=\"wpr-grid-media-hover wpr-animation-wrap\"><div class=\"wpr-grid-media-hover-bg  wpr-overlay-fade-in wpr-anim-size-large wpr-anim-timing-ease-default wpr-anim-transparency\" data-url=\"https:\/\/alvaroferreiraleiloeiro.com.br\/index.php\/2023\/05\/11\/imoveis-em-rj-enel\/\"><\/div><div class=\"wpr-cv-container\"><div class=\"wpr-cv-outer\"><div class=\"wpr-cv-inner\"><div class=\"wpr-grid-media-hover-middle elementor-clearfix\"><h2 class=\"wpr-grid-item-title elementor-repeater-item-83c0ab6 wpr-grid-item-display-block wpr-grid-item-align-center wpr-element-fade-in wpr-anim-size-large wpr-anim-timing-ease-default wpr-anim-transparency wpr-pointer-none wpr-pointer-line-fx wpr-pointer-fx-fade\"><div class=\"inner-block\"><a target=\"_self\"  href=\"https:\/\/alvaroferreiraleiloeiro.com.br\/index.php\/2023\/05\/11\/imoveis-em-rj-enel\/\">Leil\u00e3o de Im\u00f3veis ENEL &#8211; RJ<\/a><\/div><\/h2><div class=\"wpr-grid-item-category elementor-repeater-item-deefd3e wpr-grid-item-display-block wpr-grid-item-align-center wpr-element-fade-in wpr-anim-size-large wpr-anim-timing-ease-default wpr-anim-transparency wpr-pointer-none wpr-pointer-line-fx wpr-pointer-fx-fade wpr-grid-tax-style-1\"><div class=\"inner-block\"><a class=\" wpr-tax-id-22\" href=\"https:\/\/alvaroferreiraleiloeiro.com.br\/index.php\/category\/venda-direta\/\">Venda Direta<\/a><\/div><\/div><\/div><\/div><\/div><\/div><\/div><\/div><\/div><\/article><article class=\"wpr-grid-item elementor-clearfix post-1842 post type-post status-publish format-standard has-post-thumbnail hentry category-venda-direta\"><div class=\"wpr-grid-item-inner\"><div class=\"wpr-grid-media-wrap wpr-effect-size-medium \" data-overlay-link=\"yes\"><div class=\"wpr-grid-image-wrap\" data-src=\"https:\/\/alvaroferreiraleiloeiro.com.br\/wp-content\/uploads\/elementor\/thumbs\/logo-enel-2-pw8bunqqnc557fgpvh6460a5lkl0ahys5q29gahsgc.png\" data-img-on-hover=\"\"  data-src-secondary=\"\"><img decoding=\"async\" data-no-lazy=\"1\" src=\"https:\/\/alvaroferreiraleiloeiro.com.br\/wp-content\/uploads\/elementor\/thumbs\/logo-enel-2-pw8bunqqnc557fgpvh6460a5lkl0ahys5q29gahsgc.png\" alt=\"Leil\u00e3o de Im\u00f3veis ENEL \u2013 Cear\u00e1\" class=\"wpr-anim-timing-ease-default\"><\/div><div class=\"wpr-grid-media-hover wpr-animation-wrap\"><div class=\"wpr-grid-media-hover-bg  wpr-overlay-fade-in wpr-anim-size-large wpr-anim-timing-ease-default wpr-anim-transparency\" data-url=\"https:\/\/alvaroferreiraleiloeiro.com.br\/index.php\/2023\/05\/11\/imoveis-em-ceara-enel\/\"><\/div><div class=\"wpr-cv-container\"><div class=\"wpr-cv-outer\"><div class=\"wpr-cv-inner\"><div class=\"wpr-grid-media-hover-middle elementor-clearfix\"><h2 class=\"wpr-grid-item-title elementor-repeater-item-83c0ab6 wpr-grid-item-display-block wpr-grid-item-align-center wpr-element-fade-in wpr-anim-size-large wpr-anim-timing-ease-default wpr-anim-transparency wpr-pointer-none wpr-pointer-line-fx wpr-pointer-fx-fade\"><div class=\"inner-block\"><a target=\"_self\"  href=\"https:\/\/alvaroferreiraleiloeiro.com.br\/index.php\/2023\/05\/11\/imoveis-em-ceara-enel\/\">Leil\u00e3o de Im\u00f3veis ENEL \u2013 Cear\u00e1<\/a><\/div><\/h2><div class=\"wpr-grid-item-category elementor-repeater-item-deefd3e wpr-grid-item-display-block wpr-grid-item-align-center wpr-element-fade-in wpr-anim-size-large wpr-anim-timing-ease-default wpr-anim-transparency wpr-pointer-none wpr-pointer-line-fx wpr-pointer-fx-fade wpr-grid-tax-style-1\"><div class=\"inner-block\"><a class=\" wpr-tax-id-22\" href=\"https:\/\/alvaroferreiraleiloeiro.com.br\/index.php\/category\/venda-direta\/\">Venda Direta<\/a><\/div><\/div><\/div><\/div><\/div><\/div><\/div><\/div><\/div><\/article><article class=\"wpr-grid-item elementor-clearfix post-1693 post type-post status-publish format-standard has-post-thumbnail hentry category-venda-direta\"><div class=\"wpr-grid-item-inner\"><div class=\"wpr-grid-media-wrap wpr-effect-size-medium \" data-overlay-link=\"yes\"><div class=\"wpr-grid-image-wrap\" data-src=\"https:\/\/alvaroferreiraleiloeiro.com.br\/wp-content\/uploads\/elementor\/thumbs\/Leilao-Privado-pz9o6zmtye5wl67hr6kbpwjy7c9dw97q8u5vsc51sc.png\" data-img-on-hover=\"\"  data-src-secondary=\"\"><img decoding=\"async\" data-no-lazy=\"1\" src=\"https:\/\/alvaroferreiraleiloeiro.com.br\/wp-content\/uploads\/elementor\/thumbs\/Leilao-Privado-pz9o6zmtye5wl67hr6kbpwjy7c9dw97q8u5vsc51sc.png\" alt=\"Im\u00f3vel em RJ &#8211; Sitio Privado\" class=\"wpr-anim-timing-ease-default\"><\/div><div class=\"wpr-grid-media-hover wpr-animation-wrap\"><div class=\"wpr-grid-media-hover-bg  wpr-overlay-fade-in wpr-anim-size-large wpr-anim-timing-ease-default wpr-anim-transparency\" data-url=\"https:\/\/alvaroferreiraleiloeiro.com.br\/index.php\/2022\/12\/16\/imovel-em-rio-de-janeiro-sitio-privado\/\"><\/div><div class=\"wpr-cv-container\"><div class=\"wpr-cv-outer\"><div class=\"wpr-cv-inner\"><div class=\"wpr-grid-media-hover-middle elementor-clearfix\"><h2 class=\"wpr-grid-item-title elementor-repeater-item-83c0ab6 wpr-grid-item-display-block wpr-grid-item-align-center wpr-element-fade-in wpr-anim-size-large wpr-anim-timing-ease-default wpr-anim-transparency wpr-pointer-none wpr-pointer-line-fx wpr-pointer-fx-fade\"><div class=\"inner-block\"><a target=\"_self\"  href=\"https:\/\/alvaroferreiraleiloeiro.com.br\/index.php\/2022\/12\/16\/imovel-em-rio-de-janeiro-sitio-privado\/\">Im\u00f3vel em RJ &#8211; Sitio Privado<\/a><\/div><\/h2><div class=\"wpr-grid-item-category elementor-repeater-item-deefd3e wpr-grid-item-display-block wpr-grid-item-align-center wpr-element-fade-in wpr-anim-size-large wpr-anim-timing-ease-default wpr-anim-transparency wpr-pointer-none wpr-pointer-line-fx wpr-pointer-fx-fade wpr-grid-tax-style-1\"><div class=\"inner-block\"><a class=\" wpr-tax-id-22\" href=\"https:\/\/alvaroferreiraleiloeiro.com.br\/index.php\/category\/venda-direta\/\">Venda Direta<\/a><\/div><\/div><\/div><\/div><\/div><\/div><\/div><\/div><\/div><\/article><article class=\"wpr-grid-item elementor-clearfix post-1643 post type-post status-publish format-standard has-post-thumbnail hentry category-venda-direta\"><div class=\"wpr-grid-item-inner\"><div class=\"wpr-grid-media-wrap wpr-effect-size-medium \" data-overlay-link=\"yes\"><div class=\"wpr-grid-image-wrap\" data-src=\"https:\/\/alvaroferreiraleiloeiro.com.br\/wp-content\/uploads\/elementor\/thumbs\/logo-enel-2-pw8bunqqnc557fgpvh6460a5lkl0ahys5q29gahsgc.png\" data-img-on-hover=\"\"  data-src-secondary=\"\"><img decoding=\"async\" data-no-lazy=\"1\" src=\"https:\/\/alvaroferreiraleiloeiro.com.br\/wp-content\/uploads\/elementor\/thumbs\/logo-enel-2-pw8bunqqnc557fgpvh6460a5lkl0ahys5q29gahsgc.png\" alt=\"Im\u00f3vel em Cear\u00e1 &#8211; ENEL\" class=\"wpr-anim-timing-ease-default\"><\/div><div class=\"wpr-grid-media-hover wpr-animation-wrap\"><div class=\"wpr-grid-media-hover-bg  wpr-overlay-fade-in wpr-anim-size-large wpr-anim-timing-ease-default wpr-anim-transparency\" data-url=\"https:\/\/alvaroferreiraleiloeiro.com.br\/index.php\/2022\/12\/16\/imovel-em-ceara-enel\/\"><\/div><div class=\"wpr-cv-container\"><div class=\"wpr-cv-outer\"><div class=\"wpr-cv-inner\"><div class=\"wpr-grid-media-hover-middle elementor-clearfix\"><h2 class=\"wpr-grid-item-title elementor-repeater-item-83c0ab6 wpr-grid-item-display-block wpr-grid-item-align-center wpr-element-fade-in wpr-anim-size-large wpr-anim-timing-ease-default wpr-anim-transparency wpr-pointer-none wpr-pointer-line-fx wpr-pointer-fx-fade\"><div class=\"inner-block\"><a target=\"_self\"  href=\"https:\/\/alvaroferreiraleiloeiro.com.br\/index.php\/2022\/12\/16\/imovel-em-ceara-enel\/\">Im\u00f3vel em Cear\u00e1 &#8211; ENEL<\/a><\/div><\/h2><div class=\"wpr-grid-item-category elementor-repeater-item-deefd3e wpr-grid-item-display-block wpr-grid-item-align-center wpr-element-fade-in wpr-anim-size-large wpr-anim-timing-ease-default wpr-anim-transparency wpr-pointer-none wpr-pointer-line-fx wpr-pointer-fx-fade wpr-grid-tax-style-1\"><div class=\"inner-block\"><a class=\" wpr-tax-id-22\" href=\"https:\/\/alvaroferreiraleiloeiro.com.br\/index.php\/category\/venda-direta\/\">Venda Direta<\/a><\/div><\/div><\/div><\/div><\/div><\/div><\/div><\/div><\/div><\/article><article class=\"wpr-grid-item elementor-clearfix post-444 post type-post status-publish format-standard has-post-thumbnail hentry category-venda-direta\"><div class=\"wpr-grid-item-inner\"><div class=\"wpr-grid-media-wrap wpr-effect-size-medium \" data-overlay-link=\"yes\"><div class=\"wpr-grid-image-wrap\" data-src=\"https:\/\/alvaroferreiraleiloeiro.com.br\/wp-content\/uploads\/elementor\/thumbs\/logo-enel-2-pw8bunqqnc557fgpvh6460a5lkl0ahys5q29gahsgc.png\" data-img-on-hover=\"\"  data-src-secondary=\"\"><img decoding=\"async\" data-no-lazy=\"1\" src=\"https:\/\/alvaroferreiraleiloeiro.com.br\/wp-content\/uploads\/elementor\/thumbs\/logo-enel-2-pw8bunqqnc557fgpvh6460a5lkl0ahys5q29gahsgc.png\" alt=\"Im\u00f3vel em Cear\u00e1 &#8211; ENEL\u200b &#8211; Venda Direta\" class=\"wpr-anim-timing-ease-default\"><\/div><div class=\"wpr-grid-media-hover wpr-animation-wrap\"><div class=\"wpr-grid-media-hover-bg  wpr-overlay-fade-in wpr-anim-size-large wpr-anim-timing-ease-default wpr-anim-transparency\" data-url=\"https:\/\/alvaroferreiraleiloeiro.com.br\/index.php\/2022\/12\/02\/imovel-em-ceara-enel-2\/\"><\/div><div class=\"wpr-cv-container\"><div class=\"wpr-cv-outer\"><div class=\"wpr-cv-inner\"><div class=\"wpr-grid-media-hover-middle elementor-clearfix\"><h2 class=\"wpr-grid-item-title elementor-repeater-item-83c0ab6 wpr-grid-item-display-block wpr-grid-item-align-center wpr-element-fade-in wpr-anim-size-large wpr-anim-timing-ease-default wpr-anim-transparency wpr-pointer-none wpr-pointer-line-fx wpr-pointer-fx-fade\"><div class=\"inner-block\"><a target=\"_self\"  href=\"https:\/\/alvaroferreiraleiloeiro.com.br\/index.php\/2022\/12\/02\/imovel-em-ceara-enel-2\/\">Im\u00f3vel em Cear\u00e1 &#8211; ENEL\u200b &#8211; Venda Direta<\/a><\/div><\/h2><div class=\"wpr-grid-item-category elementor-repeater-item-deefd3e wpr-grid-item-display-block wpr-grid-item-align-center wpr-element-fade-in wpr-anim-size-large wpr-anim-timing-ease-default wpr-anim-transparency wpr-pointer-none wpr-pointer-line-fx wpr-pointer-fx-fade wpr-grid-tax-style-1\"><div class=\"inner-block\"><a class=\" wpr-tax-id-22\" href=\"https:\/\/alvaroferreiraleiloeiro.com.br\/index.php\/category\/venda-direta\/\">Venda Direta<\/a><\/div><\/div><\/div><\/div><\/div><\/div><\/div><\/div><\/div><\/article><article class=\"wpr-grid-item elementor-clearfix post-378 post type-post status-publish format-standard has-post-thumbnail hentry category-venda-direta\"><div class=\"wpr-grid-item-inner\"><div class=\"wpr-grid-media-wrap wpr-effect-size-medium \" data-overlay-link=\"yes\"><div class=\"wpr-grid-image-wrap\" data-src=\"https:\/\/alvaroferreiraleiloeiro.com.br\/wp-content\/uploads\/elementor\/thumbs\/Untitled-design-4-e1665854962865-pw9d94lumpcuahn6fztyeqbngu0fhscoy4gquk2lak.png\" data-img-on-hover=\"\"  data-src-secondary=\"\"><img decoding=\"async\" data-no-lazy=\"1\" src=\"https:\/\/alvaroferreiraleiloeiro.com.br\/wp-content\/uploads\/elementor\/thumbs\/Untitled-design-4-e1665854962865-pw9d94lumpcuahn6fztyeqbngu0fhscoy4gquk2lak.png\" alt=\"Leil\u00e3o Portogalo\" class=\"wpr-anim-timing-ease-default\"><\/div><div class=\"wpr-grid-media-hover wpr-animation-wrap\"><div class=\"wpr-grid-media-hover-bg  wpr-overlay-fade-in wpr-anim-size-large wpr-anim-timing-ease-default wpr-anim-transparency\" data-url=\"https:\/\/alvaroferreiraleiloeiro.com.br\/index.php\/2022\/10\/18\/leilao-portogalo\/\"><\/div><div class=\"wpr-cv-container\"><div class=\"wpr-cv-outer\"><div class=\"wpr-cv-inner\"><div class=\"wpr-grid-media-hover-middle elementor-clearfix\"><h2 class=\"wpr-grid-item-title elementor-repeater-item-83c0ab6 wpr-grid-item-display-block wpr-grid-item-align-center wpr-element-fade-in wpr-anim-size-large wpr-anim-timing-ease-default wpr-anim-transparency wpr-pointer-none wpr-pointer-line-fx wpr-pointer-fx-fade\"><div class=\"inner-block\"><a target=\"_self\"  href=\"https:\/\/alvaroferreiraleiloeiro.com.br\/index.php\/2022\/10\/18\/leilao-portogalo\/\">Leil\u00e3o Portogalo<\/a><\/div><\/h2><div class=\"wpr-grid-item-category elementor-repeater-item-deefd3e wpr-grid-item-display-block wpr-grid-item-align-center wpr-element-fade-in wpr-anim-size-large wpr-anim-timing-ease-default wpr-anim-transparency wpr-pointer-none wpr-pointer-line-fx wpr-pointer-fx-fade wpr-grid-tax-style-1\"><div class=\"inner-block\"><a class=\" wpr-tax-id-22\" href=\"https:\/\/alvaroferreiraleiloeiro.com.br\/index.php\/category\/venda-direta\/\">Venda Direta<\/a><\/div><\/div><\/div><\/div><\/div><\/div><\/div><\/div><\/div><\/article><\/section><div class=\"wpr-grid-pagination elementor-clearfix wpr-grid-pagination-load-more\" data-pages=\"2\"><a href=\"https:\/\/alvaroferreiraleiloeiro.com.br\/index.php\/wp-json\/wp\/v2\/pages\/1616\/page\/2\/\" class=\"wpr-load-more-btn\" data-e-disable-page-transition >Load More<\/a><div class=\"wpr-pagination-loading\"><div class=\"wpr-double-bounce\"><div class=\"wpr-child wpr-double-bounce1\"><\/div><div class=\"wpr-child wpr-double-bounce2\"><\/div><\/div><\/div><p class=\"wpr-pagination-finish\">End of Content.<\/p><\/div>\t\t\t\t<\/div>\n\t\t\t\t<\/div>\n\t\t\t\t\t<\/div>\n\t\t<\/div>\n\t\t\t\t\t<\/div>\n\t\t<\/section>\n\t\t\t\t<\/div>\n\t\t","protected":false},"excerpt":{"rendered":"<p>Venda Direta Imoveis e outros bens abertos a lance em venda direta com proprietario. All Work \/Imoveis Avulsos S\u00c3O LUIZ EMPRESA DE MINERA\u00c7\u00c3O E \u00c1GUAS LTDA Imoveis Avulsos Im\u00f3vel em Rio de Janeiro &#8211; Sitio Privado Imoveis Avulsos Im\u00f3vel em Cear\u00e1 &#8211; GLK Imoveis Avulsos Im\u00f3vel em Cear\u00e1 &#8211; ENEL\u200b Imoveis Avulsos<\/p>\n","protected":false},"author":1,"featured_media":1732,"parent":0,"menu_order":0,"comment_status":"closed","ping_status":"closed","template":"elementor_canvas","meta":{"footnotes":""},"class_list":["post-1616","page","type-page","status-publish","has-post-thumbnail","hentry"],"_links":{"self":[{"href":"https:\/\/alvaroferreiraleiloeiro.com.br\/index.php\/wp-json\/wp\/v2\/pages\/1616","targetHints":{"allow":["GET"]}}],"collection":[{"href":"https:\/\/alvaroferreiraleiloeiro.com.br\/index.php\/wp-json\/wp\/v2\/pages"}],"about":[{"href":"https:\/\/alvaroferreiraleiloeiro.com.br\/index.php\/wp-json\/wp\/v2\/types\/page"}],"author":[{"embeddable":true,"href":"https:\/\/alvaroferreiraleiloeiro.com.br\/index.php\/wp-json\/wp\/v2\/users\/1"}],"replies":[{"embeddable":true,"href":"https:\/\/alvaroferreiraleiloeiro.com.br\/index.php\/wp-json\/wp\/v2\/comments?post=1616"}],"version-history":[{"count":20,"href":"https:\/\/alvaroferreiraleiloeiro.com.br\/index.php\/wp-json\/wp\/v2\/pages\/1616\/revisions"}],"predecessor-version":[{"id":1806,"href":"https:\/\/alvaroferreiraleiloeiro.com.br\/index.php\/wp-json\/wp\/v2\/pages\/1616\/revisions\/1806"}],"wp:featuredmedia":[{"embeddable":true,"href":"https:\/\/alvaroferreiraleiloeiro.com.br\/index.php\/wp-json\/wp\/v2\/media\/1732"}],"wp:attachment":[{"href":"https:\/\/alvaroferreiraleiloeiro.com.br\/index.php\/wp-json\/wp\/v2\/media?parent=1616"}],"curies":[{"name":"wp","href":"https:\/\/api.w.org\/{rel}","templated":true}]}}