{"id":214,"date":"2022-10-14T18:42:48","date_gmt":"2022-10-14T18:42:48","guid":{"rendered":"https:\/\/novosite.alvaroferreiraleiloeiro.com.br\/?page_id=214"},"modified":"2024-05-28T14:27:16","modified_gmt":"2024-05-28T14:27:16","slug":"imoveis","status":"publish","type":"page","link":"https:\/\/alvaroferreiraleiloeiro.com.br\/index.php\/imoveis\/","title":{"rendered":"Im\u00f3veis"},"content":{"rendered":"\t\t<div data-elementor-type=\"wp-page\" data-elementor-id=\"214\" class=\"elementor elementor-214\">\n\t\t\t\t\t\t<section class=\"elementor-section elementor-top-section elementor-element elementor-element-95463ac elementor-section-boxed elementor-section-height-default elementor-section-height-default wpr-particle-no wpr-jarallax-no wpr-parallax-no wpr-sticky-section-no wpr-equal-height-no\" data-id=\"95463ac\" data-element_type=\"section\" data-e-type=\"section\">\n\t\t\t\t\t\t<div class=\"elementor-container elementor-column-gap-default\">\n\t\t\t\t\t<div class=\"elementor-column elementor-col-100 elementor-top-column elementor-element elementor-element-5ddacc7\" data-id=\"5ddacc7\" data-element_type=\"column\" data-e-type=\"column\">\n\t\t\t<div class=\"elementor-widget-wrap elementor-element-populated\">\n\t\t\t\t\t\t<div class=\"elementor-element elementor-element-e84180f elementor-widget elementor-widget-heading\" data-id=\"e84180f\" data-element_type=\"widget\" data-e-type=\"widget\" data-widget_type=\"heading.default\">\n\t\t\t\t<div class=\"elementor-widget-container\">\n\t\t\t\t\t<h2 class=\"elementor-heading-title elementor-size-default\">Leil\u00e3o de Im\u00f3veis <\/h2>\t\t\t\t<\/div>\n\t\t\t\t<\/div>\n\t\t\t\t<div class=\"elementor-element elementor-element-082e009 elementor-widget elementor-widget-text-editor\" data-id=\"082e009\" data-element_type=\"widget\" data-e-type=\"widget\" data-widget_type=\"text-editor.default\">\n\t\t\t\t<div class=\"elementor-widget-container\">\n\t\t\t\t\t\t\t\t\t<p>Bem-vindo a nossa pagina de leil\u00e3o de im\u00f3veis. Aqui, voc\u00ea encontrar\u00e1 uma sele\u00e7\u00e3o incr\u00edvel de propriedades prontas para encontrar seus novos donos. Explore e participe dos nossos leil\u00f5es para descobrir oportunidades emocionantes de adquirir o im\u00f3vel dos seus sonhos.<\/p>\t\t\t\t\t\t\t\t<\/div>\n\t\t\t\t<\/div>\n\t\t\t\t<section class=\"elementor-section elementor-inner-section elementor-element elementor-element-f446f03 elementor-section-boxed elementor-section-height-default elementor-section-height-default wpr-particle-no wpr-jarallax-no wpr-parallax-no wpr-sticky-section-no wpr-equal-height-no\" data-id=\"f446f03\" data-element_type=\"section\" data-e-type=\"section\">\n\t\t\t\t\t\t<div class=\"elementor-container elementor-column-gap-default\">\n\t\t\t\t\t<div class=\"elementor-column elementor-col-50 elementor-inner-column elementor-element elementor-element-57262e2\" data-id=\"57262e2\" data-element_type=\"column\" data-e-type=\"column\">\n\t\t\t<div class=\"elementor-widget-wrap elementor-element-populated\">\n\t\t\t\t\t\t<div class=\"elementor-element elementor-element-5b5b61f elementor-widget elementor-widget-heading\" data-id=\"5b5b61f\" data-element_type=\"widget\" data-e-type=\"widget\" data-widget_type=\"heading.default\">\n\t\t\t\t<div class=\"elementor-widget-container\">\n\t\t\t\t\t<h3 class=\"elementor-heading-title elementor-size-default\">Registre-se aqui para n\u00e3o perder nossos leil\u00f5es.<\/h3>\t\t\t\t<\/div>\n\t\t\t\t<\/div>\n\t\t\t\t\t<\/div>\n\t\t<\/div>\n\t\t\t\t<div class=\"elementor-column elementor-col-50 elementor-inner-column elementor-element elementor-element-f797b3f\" data-id=\"f797b3f\" data-element_type=\"column\" data-e-type=\"column\">\n\t\t\t<div class=\"elementor-widget-wrap elementor-element-populated\">\n\t\t\t\t\t\t<div class=\"elementor-element elementor-element-1ada316 elementor-align-center elementor-widget elementor-widget-button\" data-id=\"1ada316\" data-element_type=\"widget\" data-e-type=\"widget\" data-widget_type=\"button.default\">\n\t\t\t\t<div class=\"elementor-widget-container\">\n\t\t\t\t\t\t\t\t\t<div class=\"elementor-button-wrapper\">\n\t\t\t\t\t<a class=\"elementor-button elementor-button-link elementor-size-sm\" href=\"https:\/\/chat.whatsapp.com\/CsXNQyXD7bJ5IgSEG2Wf51\">\n\t\t\t\t\t\t<span class=\"elementor-button-content-wrapper\">\n\t\t\t\t\t\t\t\t\t<span class=\"elementor-button-text\">Clique aqui<\/span>\n\t\t\t\t\t<\/span>\n\t\t\t\t\t<\/a>\n\t\t\t\t<\/div>\n\t\t\t\t\t\t\t\t<\/div>\n\t\t\t\t<\/div>\n\t\t\t\t\t<\/div>\n\t\t<\/div>\n\t\t\t\t\t<\/div>\n\t\t<\/section>\n\t\t\t\t<div class=\"elementor-element elementor-element-3006ce2 elementor-grid-eael-col-4 elementor-grid-tablet-eael-col-2 elementor-grid-mobile-eael-col-1 elementor-widget elementor-widget-eael-post-grid\" data-id=\"3006ce2\" data-element_type=\"widget\" data-e-type=\"widget\" data-settings=\"{&quot;eael_post_grid_columns&quot;:&quot;eael-col-4&quot;,&quot;eael_post_grid_columns_tablet&quot;:&quot;eael-col-2&quot;,&quot;eael_post_grid_columns_mobile&quot;:&quot;eael-col-1&quot;}\" data-widget_type=\"eael-post-grid.default\">\n\t\t\t\t<div class=\"elementor-widget-container\">\n\t\t\t\t\t<div id=\"eael-post-grid-3006ce2\" class=\"eael-post-grid-container\">\n            <div class=\"eael-post-grid eael-post-appender eael-post-appender-3006ce2 eael-post-grid-style-one\" data-layout-mode=\"grid\"><article class=\"eael-grid-post  eael-post-grid-column eael-pg-post-2505 category-leilao-imoveis\" data-id=\"2505\">\n        <div class=\"eael-grid-post-holder\">\n            <div class=\"eael-grid-post-holder-inner\"><div class=\"eael-entry-media\"><div class=\"eael-entry-overlay fade-in\"><i class=\"fas fa-long-arrow-alt-right\" aria-hidden=\"true\"><\/i><a href=\"https:\/\/alvaroferreiraleiloeiro.com.br\/index.php\/2025\/10\/13\/enel-juazeiro-do-norte-ce\/\"><\/a><\/div><div class=\"eael-entry-thumbnail eael-image-ratio\">\n                <img fetchpriority=\"high\" decoding=\"async\" width=\"266\" height=\"190\" src=\"https:\/\/alvaroferreiraleiloeiro.com.br\/wp-content\/uploads\/2022\/09\/logo-enel-2.png\" class=\"attachment-medium size-medium wp-image-243\" alt=\"\" \/>\n            <\/div>\n        <\/div><div class=\"eael-entry-wrapper\"><header class=\"eael-entry-header\"><h2 class=\"eael-entry-title\"><a class=\"eael-grid-post-link\" href=\"https:\/\/alvaroferreiraleiloeiro.com.br\/index.php\/2025\/10\/13\/enel-juazeiro-do-norte-ce\/\" title=\"ENEL &#8211; Juazeiro do Norte (CE)\">ENEL &#8211; Juazeiro do Norte (CE)<\/a><\/h2><\/header><div class=\"eael-entry-content\">\n                        <div class=\"eael-grid-post-excerpt\"><p>Leil\u00e3o de Im\u00f3vel Comercial \u2013...<\/p><a href=\"https:\/\/alvaroferreiraleiloeiro.com.br\/index.php\/2025\/10\/13\/enel-juazeiro-do-norte-ce\/\" class=\"eael-post-elements-readmore-btn\">Leia Mais<\/a><\/div>\n                    <\/div><div class=\"eael-entry-footer\"><div class=\"eael-entry-meta\"><\/div><\/div><\/div><\/div>\n        <\/div>\n    <\/article><article class=\"eael-grid-post  eael-post-grid-column eael-pg-post-2462 category-leilao-imoveis\" data-id=\"2462\">\n        <div class=\"eael-grid-post-holder\">\n            <div class=\"eael-grid-post-holder-inner\"><div class=\"eael-entry-media\"><div class=\"eael-entry-overlay fade-in\"><i class=\"fas fa-long-arrow-alt-right\" aria-hidden=\"true\"><\/i><a href=\"https:\/\/alvaroferreiraleiloeiro.com.br\/index.php\/2025\/07\/16\/leilao-de-imoveis-prece-rio-de-janeiro\/\"><\/a><\/div><div class=\"eael-entry-thumbnail eael-image-ratio\">\n                <img decoding=\"async\" width=\"200\" height=\"200\" src=\"https:\/\/alvaroferreiraleiloeiro.com.br\/wp-content\/uploads\/2025\/07\/Prece-Logo.jpeg\" class=\"attachment-medium size-medium wp-image-2464\" alt=\"\" srcset=\"https:\/\/alvaroferreiraleiloeiro.com.br\/wp-content\/uploads\/2025\/07\/Prece-Logo.jpeg 200w, https:\/\/alvaroferreiraleiloeiro.com.br\/wp-content\/uploads\/2025\/07\/Prece-Logo-150x150.jpeg 150w\" sizes=\"(max-width: 200px) 100vw, 200px\" \/>\n            <\/div>\n        <\/div><div class=\"eael-entry-wrapper\"><header class=\"eael-entry-header\"><h2 class=\"eael-entry-title\"><a class=\"eael-grid-post-link\" href=\"https:\/\/alvaroferreiraleiloeiro.com.br\/index.php\/2025\/07\/16\/leilao-de-imoveis-prece-rio-de-janeiro\/\" title=\"Leil\u00e3o de Im\u00f3veis PRECE\">Leil\u00e3o de Im\u00f3veis PRECE<\/a><\/h2><\/header><div class=\"eael-entry-content\">\n                        <div class=\"eael-grid-post-excerpt\"><p>Leil\u00e3o PRECE - Rio de...<\/p><a href=\"https:\/\/alvaroferreiraleiloeiro.com.br\/index.php\/2025\/07\/16\/leilao-de-imoveis-prece-rio-de-janeiro\/\" class=\"eael-post-elements-readmore-btn\">Leia Mais<\/a><\/div>\n                    <\/div><div class=\"eael-entry-footer\"><div class=\"eael-entry-meta\"><\/div><\/div><\/div><\/div>\n        <\/div>\n    <\/article><article class=\"eael-grid-post  eael-post-grid-column eael-pg-post-2417 category-leilao-imoveis\" data-id=\"2417\">\n        <div class=\"eael-grid-post-holder\">\n            <div class=\"eael-grid-post-holder-inner\"><div class=\"eael-entry-media\"><div class=\"eael-entry-overlay fade-in\"><i class=\"fas fa-long-arrow-alt-right\" aria-hidden=\"true\"><\/i><a href=\"https:\/\/alvaroferreiraleiloeiro.com.br\/index.php\/2025\/02\/14\/leilao-de-imoveis-enel-bahia\/\"><\/a><\/div><div class=\"eael-entry-thumbnail eael-image-ratio\">\n                <img fetchpriority=\"high\" decoding=\"async\" width=\"266\" height=\"190\" src=\"https:\/\/alvaroferreiraleiloeiro.com.br\/wp-content\/uploads\/2022\/09\/logo-enel-2.png\" class=\"attachment-medium size-medium wp-image-243\" alt=\"\" \/>\n            <\/div>\n        <\/div><div class=\"eael-entry-wrapper\"><header class=\"eael-entry-header\"><h2 class=\"eael-entry-title\"><a class=\"eael-grid-post-link\" href=\"https:\/\/alvaroferreiraleiloeiro.com.br\/index.php\/2025\/02\/14\/leilao-de-imoveis-enel-bahia\/\" title=\"Leil\u00e3o de Im\u00f3veis ENEL \u2013 Bahia\">Leil\u00e3o de Im\u00f3veis ENEL \u2013 Bahia<\/a><\/h2><\/header><div class=\"eael-entry-content\">\n                        <div class=\"eael-grid-post-excerpt\"><p>Im\u00f3vel ENEL \u2013 Bahia -...<\/p><a href=\"https:\/\/alvaroferreiraleiloeiro.com.br\/index.php\/2025\/02\/14\/leilao-de-imoveis-enel-bahia\/\" class=\"eael-post-elements-readmore-btn\">Leia Mais<\/a><\/div>\n                    <\/div><div class=\"eael-entry-footer\"><div class=\"eael-entry-meta\"><\/div><\/div><\/div><\/div>\n        <\/div>\n    <\/article><article class=\"eael-grid-post  eael-post-grid-column eael-pg-post-2402 category-leilao-imoveis\" data-id=\"2402\">\n        <div class=\"eael-grid-post-holder\">\n            <div class=\"eael-grid-post-holder-inner\"><div class=\"eael-entry-media\"><div class=\"eael-entry-overlay fade-in\"><i class=\"fas fa-long-arrow-alt-right\" aria-hidden=\"true\"><\/i><a href=\"https:\/\/alvaroferreiraleiloeiro.com.br\/index.php\/2024\/08\/20\/area-em-leilao-rj-niteroi\/\"><\/a><\/div><div class=\"eael-entry-thumbnail eael-image-ratio\">\n                <img fetchpriority=\"high\" decoding=\"async\" width=\"266\" height=\"190\" src=\"https:\/\/alvaroferreiraleiloeiro.com.br\/wp-content\/uploads\/2022\/09\/logo-enel-2.png\" class=\"attachment-medium size-medium wp-image-243\" alt=\"\" \/>\n            <\/div>\n        <\/div><div class=\"eael-entry-wrapper\"><header class=\"eael-entry-header\"><h2 class=\"eael-entry-title\"><a class=\"eael-grid-post-link\" href=\"https:\/\/alvaroferreiraleiloeiro.com.br\/index.php\/2024\/08\/20\/area-em-leilao-rj-niteroi\/\" title=\"\u00c1rea em Leil\u00e3o ENEL &#8211; RJ Niter\u00f3i\u200b\">\u00c1rea em Leil\u00e3o ENEL &#8211; RJ Niter\u00f3i\u200b<\/a><\/h2><\/header><div class=\"eael-entry-content\">\n                        <div class=\"eael-grid-post-excerpt\"><p>\u00c1rea ENEL - RJ -...<\/p><a href=\"https:\/\/alvaroferreiraleiloeiro.com.br\/index.php\/2024\/08\/20\/area-em-leilao-rj-niteroi\/\" class=\"eael-post-elements-readmore-btn\">Leia Mais<\/a><\/div>\n                    <\/div><div class=\"eael-entry-footer\"><div class=\"eael-entry-meta\"><\/div><\/div><\/div><\/div>\n        <\/div>\n    <\/article><article class=\"eael-grid-post  eael-post-grid-column eael-pg-post-2397 category-leilao-imoveis\" data-id=\"2397\">\n        <div class=\"eael-grid-post-holder\">\n            <div class=\"eael-grid-post-holder-inner\"><div class=\"eael-entry-media\"><div class=\"eael-entry-overlay fade-in\"><i class=\"fas fa-long-arrow-alt-right\" aria-hidden=\"true\"><\/i><a href=\"https:\/\/alvaroferreiraleiloeiro.com.br\/index.php\/2024\/08\/20\/area-em-leilao-rj-macae\/\"><\/a><\/div><div class=\"eael-entry-thumbnail eael-image-ratio\">\n                <img fetchpriority=\"high\" decoding=\"async\" width=\"266\" height=\"190\" src=\"https:\/\/alvaroferreiraleiloeiro.com.br\/wp-content\/uploads\/2022\/09\/logo-enel-2.png\" class=\"attachment-medium size-medium wp-image-243\" alt=\"\" \/>\n            <\/div>\n        <\/div><div class=\"eael-entry-wrapper\"><header class=\"eael-entry-header\"><h2 class=\"eael-entry-title\"><a class=\"eael-grid-post-link\" href=\"https:\/\/alvaroferreiraleiloeiro.com.br\/index.php\/2024\/08\/20\/area-em-leilao-rj-macae\/\" title=\"\u00c1rea em Leil\u00e3o ENEL &#8211; RJ Maca\u00e9 \u200b\">\u00c1rea em Leil\u00e3o ENEL &#8211; RJ Maca\u00e9 \u200b<\/a><\/h2><\/header><div class=\"eael-entry-content\">\n                        <div class=\"eael-grid-post-excerpt\"><p>\u00c1rea ENEL - RJ -...<\/p><a href=\"https:\/\/alvaroferreiraleiloeiro.com.br\/index.php\/2024\/08\/20\/area-em-leilao-rj-macae\/\" class=\"eael-post-elements-readmore-btn\">Leia Mais<\/a><\/div>\n                    <\/div><div class=\"eael-entry-footer\"><div class=\"eael-entry-meta\"><\/div><\/div><\/div><\/div>\n        <\/div>\n    <\/article><article class=\"eael-grid-post  eael-post-grid-column eael-pg-post-2384 category-leilao-imoveis\" data-id=\"2384\">\n        <div class=\"eael-grid-post-holder\">\n            <div class=\"eael-grid-post-holder-inner\"><div class=\"eael-entry-media\"><div class=\"eael-entry-overlay fade-in\"><i class=\"fas fa-long-arrow-alt-right\" aria-hidden=\"true\"><\/i><a href=\"https:\/\/alvaroferreiraleiloeiro.com.br\/index.php\/2024\/07\/22\/area-em-leilao-enel-rj-itaperuna\/\"><\/a><\/div><div class=\"eael-entry-thumbnail eael-image-ratio\">\n                <img fetchpriority=\"high\" decoding=\"async\" width=\"266\" height=\"190\" src=\"https:\/\/alvaroferreiraleiloeiro.com.br\/wp-content\/uploads\/2022\/09\/logo-enel-2.png\" class=\"attachment-medium size-medium wp-image-243\" alt=\"\" \/>\n            <\/div>\n        <\/div><div class=\"eael-entry-wrapper\"><header class=\"eael-entry-header\"><h2 class=\"eael-entry-title\"><a class=\"eael-grid-post-link\" href=\"https:\/\/alvaroferreiraleiloeiro.com.br\/index.php\/2024\/07\/22\/area-em-leilao-enel-rj-itaperuna\/\" title=\"\u00c1rea em Leil\u00e3o ENEL &#8211; RJ Itaperuna\">\u00c1rea em Leil\u00e3o ENEL &#8211; RJ Itaperuna<\/a><\/h2><\/header><div class=\"eael-entry-content\">\n                        <div class=\"eael-grid-post-excerpt\"><p>\u00c1rea ENEL - RJ -...<\/p><a href=\"https:\/\/alvaroferreiraleiloeiro.com.br\/index.php\/2024\/07\/22\/area-em-leilao-enel-rj-itaperuna\/\" class=\"eael-post-elements-readmore-btn\">Leia Mais<\/a><\/div>\n                    <\/div><div class=\"eael-entry-footer\"><div class=\"eael-entry-meta\"><\/div><\/div><\/div><\/div>\n        <\/div>\n    <\/article><article class=\"eael-grid-post  eael-post-grid-column eael-pg-post-2372 category-leilao-imoveis\" data-id=\"2372\">\n        <div class=\"eael-grid-post-holder\">\n            <div class=\"eael-grid-post-holder-inner\"><div class=\"eael-entry-media\"><div class=\"eael-entry-overlay fade-in\"><i class=\"fas fa-long-arrow-alt-right\" aria-hidden=\"true\"><\/i><a href=\"https:\/\/alvaroferreiraleiloeiro.com.br\/index.php\/2024\/07\/04\/area-em-leilao-enel-ce\/\"><\/a><\/div><div class=\"eael-entry-thumbnail eael-image-ratio\">\n                <img fetchpriority=\"high\" decoding=\"async\" width=\"266\" height=\"190\" src=\"https:\/\/alvaroferreiraleiloeiro.com.br\/wp-content\/uploads\/2022\/09\/logo-enel-2.png\" class=\"attachment-medium size-medium wp-image-243\" alt=\"\" \/>\n            <\/div>\n        <\/div><div class=\"eael-entry-wrapper\"><header class=\"eael-entry-header\"><h2 class=\"eael-entry-title\"><a class=\"eael-grid-post-link\" href=\"https:\/\/alvaroferreiraleiloeiro.com.br\/index.php\/2024\/07\/04\/area-em-leilao-enel-ce\/\" title=\"\u00c1rea em Leil\u00e3o ENEL &#8211; CE 2 Lotes\">\u00c1rea em Leil\u00e3o ENEL &#8211; CE 2 Lotes<\/a><\/h2><\/header><div class=\"eael-entry-content\">\n                        <div class=\"eael-grid-post-excerpt\"><p>\u00c1rea ENEL - CE -...<\/p><a href=\"https:\/\/alvaroferreiraleiloeiro.com.br\/index.php\/2024\/07\/04\/area-em-leilao-enel-ce\/\" class=\"eael-post-elements-readmore-btn\">Leia Mais<\/a><\/div>\n                    <\/div><div class=\"eael-entry-footer\"><div class=\"eael-entry-meta\"><\/div><\/div><\/div><\/div>\n        <\/div>\n    <\/article><article class=\"eael-grid-post  eael-post-grid-column eael-pg-post-2318 category-leilao-imoveis\" data-id=\"2318\">\n        <div class=\"eael-grid-post-holder\">\n            <div class=\"eael-grid-post-holder-inner\"><div class=\"eael-entry-media\"><div class=\"eael-entry-overlay fade-in\"><i class=\"fas fa-long-arrow-alt-right\" aria-hidden=\"true\"><\/i><a href=\"https:\/\/alvaroferreiraleiloeiro.com.br\/index.php\/2024\/05\/15\/leilao-de-imoveis-enel-sao-paulo-terrenos\/\"><\/a><\/div><div class=\"eael-entry-thumbnail eael-image-ratio\">\n                <img fetchpriority=\"high\" decoding=\"async\" width=\"266\" height=\"190\" src=\"https:\/\/alvaroferreiraleiloeiro.com.br\/wp-content\/uploads\/2022\/09\/logo-enel-2.png\" class=\"attachment-medium size-medium wp-image-243\" alt=\"\" \/>\n            <\/div>\n        <\/div><div class=\"eael-entry-wrapper\"><header class=\"eael-entry-header\"><h2 class=\"eael-entry-title\"><a class=\"eael-grid-post-link\" href=\"https:\/\/alvaroferreiraleiloeiro.com.br\/index.php\/2024\/05\/15\/leilao-de-imoveis-enel-sao-paulo-terrenos\/\" title=\"\u00c1rea em Leil\u00e3o ENEL &#8211; SP  S\u00e3o Bernardo\">\u00c1rea em Leil\u00e3o ENEL &#8211; SP  S\u00e3o Bernardo<\/a><\/h2><\/header><div class=\"eael-entry-content\">\n                        <div class=\"eael-grid-post-excerpt\"><p>\u00c1rea ENEL - SP -...<\/p><a href=\"https:\/\/alvaroferreiraleiloeiro.com.br\/index.php\/2024\/05\/15\/leilao-de-imoveis-enel-sao-paulo-terrenos\/\" class=\"eael-post-elements-readmore-btn\">Leia Mais<\/a><\/div>\n                    <\/div><div class=\"eael-entry-footer\"><div class=\"eael-entry-meta\"><\/div><\/div><\/div><\/div>\n        <\/div>\n    <\/article><article class=\"eael-grid-post  eael-post-grid-column eael-pg-post-2243 category-leilao-imoveis\" data-id=\"2243\">\n        <div class=\"eael-grid-post-holder\">\n            <div class=\"eael-grid-post-holder-inner\"><div class=\"eael-entry-media\"><div class=\"eael-entry-overlay fade-in\"><i class=\"fas fa-long-arrow-alt-right\" aria-hidden=\"true\"><\/i><a href=\"https:\/\/alvaroferreiraleiloeiro.com.br\/index.php\/2024\/03\/09\/imoveis-sao-paulo-sp-enel-guido-caloi\/\"><\/a><\/div><div class=\"eael-entry-thumbnail eael-image-ratio\">\n                <img fetchpriority=\"high\" decoding=\"async\" width=\"266\" height=\"190\" src=\"https:\/\/alvaroferreiraleiloeiro.com.br\/wp-content\/uploads\/2022\/09\/logo-enel-2.png\" class=\"attachment-medium size-medium wp-image-243\" alt=\"\" \/>\n            <\/div>\n        <\/div><div class=\"eael-entry-wrapper\"><header class=\"eael-entry-header\"><h2 class=\"eael-entry-title\"><a class=\"eael-grid-post-link\" href=\"https:\/\/alvaroferreiraleiloeiro.com.br\/index.php\/2024\/03\/09\/imoveis-sao-paulo-sp-enel-guido-caloi\/\" title=\"Im\u00f3veis S\u00e3o Paulo \/ SP &#8211; ENEL &#8211; Guido Caloi\">Im\u00f3veis S\u00e3o Paulo \/ SP &#8211; ENEL &#8211; Guido Caloi<\/a><\/h2><\/header><div class=\"eael-entry-content\">\n                        <div class=\"eael-grid-post-excerpt\"><p>Im\u00f3veis S\u00e3o Paulo \/ SP...<\/p><a href=\"https:\/\/alvaroferreiraleiloeiro.com.br\/index.php\/2024\/03\/09\/imoveis-sao-paulo-sp-enel-guido-caloi\/\" class=\"eael-post-elements-readmore-btn\">Leia Mais<\/a><\/div>\n                    <\/div><div class=\"eael-entry-footer\"><div class=\"eael-entry-meta\"><\/div><\/div><\/div><\/div>\n        <\/div>\n    <\/article><article class=\"eael-grid-post  eael-post-grid-column eael-pg-post-2217 category-leilao-imoveis\" data-id=\"2217\">\n        <div class=\"eael-grid-post-holder\">\n            <div class=\"eael-grid-post-holder-inner\"><div class=\"eael-entry-media\"><div class=\"eael-entry-overlay fade-in\"><i class=\"fas fa-long-arrow-alt-right\" aria-hidden=\"true\"><\/i><a href=\"https:\/\/alvaroferreiraleiloeiro.com.br\/index.php\/2024\/03\/03\/imoveis-em-sao-paulo-sp-enel\/\"><\/a><\/div><div class=\"eael-entry-thumbnail eael-image-ratio\">\n                <img fetchpriority=\"high\" decoding=\"async\" width=\"266\" height=\"190\" src=\"https:\/\/alvaroferreiraleiloeiro.com.br\/wp-content\/uploads\/2022\/09\/logo-enel-2.png\" class=\"attachment-medium size-medium wp-image-243\" alt=\"\" \/>\n            <\/div>\n        <\/div><div class=\"eael-entry-wrapper\"><header class=\"eael-entry-header\"><h2 class=\"eael-entry-title\"><a class=\"eael-grid-post-link\" href=\"https:\/\/alvaroferreiraleiloeiro.com.br\/index.php\/2024\/03\/03\/imoveis-em-sao-paulo-sp-enel\/\" title=\"Im\u00f3veis em S\u00e3o Paulo\/SP &#8211; ENEL\">Im\u00f3veis em S\u00e3o Paulo\/SP &#8211; ENEL<\/a><\/h2><\/header><div class=\"eael-entry-content\">\n                        <div class=\"eael-grid-post-excerpt\"><p>Im\u00f3veis em S\u00e3o Paulo\/SP &#8211;...<\/p><a href=\"https:\/\/alvaroferreiraleiloeiro.com.br\/index.php\/2024\/03\/03\/imoveis-em-sao-paulo-sp-enel\/\" class=\"eael-post-elements-readmore-btn\">Leia Mais<\/a><\/div>\n                    <\/div><div class=\"eael-entry-footer\"><div class=\"eael-entry-meta\"><\/div><\/div><\/div><\/div>\n        <\/div>\n    <\/article><article class=\"eael-grid-post  eael-post-grid-column eael-pg-post-2017 category-leilao-imoveis\" data-id=\"2017\">\n        <div class=\"eael-grid-post-holder\">\n            <div class=\"eael-grid-post-holder-inner\"><div class=\"eael-entry-media\"><div class=\"eael-entry-overlay fade-in\"><i class=\"fas fa-long-arrow-alt-right\" aria-hidden=\"true\"><\/i><a href=\"https:\/\/alvaroferreiraleiloeiro.com.br\/index.php\/2023\/07\/30\/imoveis-em-ce-enel-fortaleza\/\"><\/a><\/div><div class=\"eael-entry-thumbnail eael-image-ratio\">\n                <img fetchpriority=\"high\" decoding=\"async\" width=\"266\" height=\"190\" src=\"https:\/\/alvaroferreiraleiloeiro.com.br\/wp-content\/uploads\/2022\/09\/logo-enel-2.png\" class=\"attachment-medium size-medium wp-image-243\" alt=\"\" \/>\n            <\/div>\n        <\/div><div class=\"eael-entry-wrapper\"><header class=\"eael-entry-header\"><h2 class=\"eael-entry-title\"><a class=\"eael-grid-post-link\" href=\"https:\/\/alvaroferreiraleiloeiro.com.br\/index.php\/2023\/07\/30\/imoveis-em-ce-enel-fortaleza\/\" title=\"Im\u00f3veis em CE &#8211; ENEL &#8211; Fortaleza\">Im\u00f3veis em CE &#8211; ENEL &#8211; Fortaleza<\/a><\/h2><\/header><div class=\"eael-entry-content\">\n                        <div class=\"eael-grid-post-excerpt\"><p>Im\u00f3veis em CE &#8211; ENEL...<\/p><a href=\"https:\/\/alvaroferreiraleiloeiro.com.br\/index.php\/2023\/07\/30\/imoveis-em-ce-enel-fortaleza\/\" class=\"eael-post-elements-readmore-btn\">Leia Mais<\/a><\/div>\n                    <\/div><div class=\"eael-entry-footer\"><div class=\"eael-entry-meta\"><\/div><\/div><\/div><\/div>\n        <\/div>\n    <\/article><article class=\"eael-grid-post  eael-post-grid-column eael-pg-post-1772 category-leilao-imoveis\" data-id=\"1772\">\n        <div class=\"eael-grid-post-holder\">\n            <div class=\"eael-grid-post-holder-inner\"><div class=\"eael-entry-media\"><div class=\"eael-entry-overlay fade-in\"><i class=\"fas fa-long-arrow-alt-right\" aria-hidden=\"true\"><\/i><a href=\"https:\/\/alvaroferreiraleiloeiro.com.br\/index.php\/2023\/01\/07\/unidas-s-a-iimobiliaria\/\"><\/a><\/div><div class=\"eael-entry-thumbnail eael-image-ratio\">\n                <img decoding=\"async\" width=\"225\" height=\"225\" src=\"https:\/\/alvaroferreiraleiloeiro.com.br\/wp-content\/uploads\/2023\/01\/Unidas-logo.png\" class=\"attachment-medium size-medium wp-image-1775\" alt=\"\" srcset=\"https:\/\/alvaroferreiraleiloeiro.com.br\/wp-content\/uploads\/2023\/01\/Unidas-logo.png 225w, https:\/\/alvaroferreiraleiloeiro.com.br\/wp-content\/uploads\/2023\/01\/Unidas-logo-150x150.png 150w\" sizes=\"(max-width: 225px) 100vw, 225px\" \/>\n            <\/div>\n        <\/div><div class=\"eael-entry-wrapper\"><header class=\"eael-entry-header\"><h2 class=\"eael-entry-title\"><a class=\"eael-grid-post-link\" href=\"https:\/\/alvaroferreiraleiloeiro.com.br\/index.php\/2023\/01\/07\/unidas-s-a-iimobiliaria\/\" title=\"Unidas S.A. &#8211; IImobili\u00e1ria\">Unidas S.A. &#8211; IImobili\u00e1ria<\/a><\/h2><\/header><div class=\"eael-entry-content\">\n                        <div class=\"eael-grid-post-excerpt\"><p>Data: 03\/02\/2023<\/p><a href=\"https:\/\/alvaroferreiraleiloeiro.com.br\/index.php\/2023\/01\/07\/unidas-s-a-iimobiliaria\/\" class=\"eael-post-elements-readmore-btn\">Leia Mais<\/a><\/div>\n                    <\/div><div class=\"eael-entry-footer\"><div class=\"eael-entry-meta\"><\/div><\/div><\/div><\/div>\n        <\/div>\n    <\/article><\/div>\n            <div class=\"clearfix\"><\/div>\n        <\/div>\t\t\t\t<\/div>\n\t\t\t\t<\/div>\n\t\t\t\t\t<\/div>\n\t\t<\/div>\n\t\t\t\t\t<\/div>\n\t\t<\/section>\n\t\t\t\t<\/div>\n\t\t","protected":false},"excerpt":{"rendered":"<p>Leil\u00e3o de Im\u00f3veis Bem-vindo a nossa pagina de leil\u00e3o de im\u00f3veis. Aqui, voc\u00ea encontrar\u00e1 uma sele\u00e7\u00e3o incr\u00edvel de propriedades prontas para encontrar seus novos donos. Explore e participe dos nossos leil\u00f5es para descobrir oportunidades emocionantes de adquirir o im\u00f3vel dos seus sonhos. Registre-se aqui para n\u00e3o perder nossos leil\u00f5es. Clique aqui Leil\u00e3o de Im\u00f3veis ENEL &#8211; S\u00e3o Bernardo \/ Terrenos Leil\u00e3o de Im\u00f3veis ENEL &#8211;&#8230; Leia Mais Im\u00f3veis S\u00e3o Paulo \/ SP &#8211; ENEL &#8211; Guido Caloi Im\u00f3veis S\u00e3o Paulo \/ SP&#8230; Leia Mais Im\u00f3veis em S\u00e3o Paulo\/SP &#8211; ENEL Im\u00f3veis em S\u00e3o Paulo\/SP &#8211;&#8230; Leia Mais Oferta de Im\u00f3veis Extra Judiciais\u200b &#8211; Sala Rio Branco Oferta de Im\u00f3veis Extra Judiciais&#8230; Leia Mais Im\u00f3veis em CE &#8211; ENEL &#8211; Fortaleza Im\u00f3veis em CE &#8211; ENEL&#8230; Leia Mais Unidas S.A. &#8211; IImobili\u00e1ria Data: 03\/02\/2023 Leia Mais<\/p>\n","protected":false},"author":2,"featured_media":1732,"parent":0,"menu_order":0,"comment_status":"closed","ping_status":"closed","template":"elementor_canvas","meta":{"footnotes":""},"class_list":["post-214","page","type-page","status-publish","has-post-thumbnail","hentry"],"_links":{"self":[{"href":"https:\/\/alvaroferreiraleiloeiro.com.br\/index.php\/wp-json\/wp\/v2\/pages\/214","targetHints":{"allow":["GET"]}}],"collection":[{"href":"https:\/\/alvaroferreiraleiloeiro.com.br\/index.php\/wp-json\/wp\/v2\/pages"}],"about":[{"href":"https:\/\/alvaroferreiraleiloeiro.com.br\/index.php\/wp-json\/wp\/v2\/types\/page"}],"author":[{"embeddable":true,"href":"https:\/\/alvaroferreiraleiloeiro.com.br\/index.php\/wp-json\/wp\/v2\/users\/2"}],"replies":[{"embeddable":true,"href":"https:\/\/alvaroferreiraleiloeiro.com.br\/index.php\/wp-json\/wp\/v2\/comments?post=214"}],"version-history":[{"count":19,"href":"https:\/\/alvaroferreiraleiloeiro.com.br\/index.php\/wp-json\/wp\/v2\/pages\/214\/revisions"}],"predecessor-version":[{"id":2336,"href":"https:\/\/alvaroferreiraleiloeiro.com.br\/index.php\/wp-json\/wp\/v2\/pages\/214\/revisions\/2336"}],"wp:featuredmedia":[{"embeddable":true,"href":"https:\/\/alvaroferreiraleiloeiro.com.br\/index.php\/wp-json\/wp\/v2\/media\/1732"}],"wp:attachment":[{"href":"https:\/\/alvaroferreiraleiloeiro.com.br\/index.php\/wp-json\/wp\/v2\/media?parent=214"}],"curies":[{"name":"wp","href":"https:\/\/api.w.org\/{rel}","templated":true}]}}